{"id":3066,"date":"2023-05-02T10:34:09","date_gmt":"2023-05-02T08:34:09","guid":{"rendered":"https:\/\/itercon.com\/politica-privacidad\/"},"modified":"2024-05-20T15:28:45","modified_gmt":"2024-05-20T13:28:45","slug":"privacy-policy","status":"publish","type":"page","link":"https:\/\/itercon.com\/en\/privacy-policy\/","title":{"rendered":"Privacy policy"},"content":{"rendered":"\n\t<section class=\"section\" id=\"section_213672672\">\n\t\t<div class=\"section-bg fill\" >\n\t\t\t\t\t\t\t\t\t\n\t\t\t\n\n\t\t<\/div>\n\n\t\t\n\n\t\t<div class=\"section-content relative\">\n\t\t\t\n\t<div id=\"gap-673376100\" class=\"gap-element clearfix\" style=\"display:block; height:auto;\">\n\t\t\n<style>\n#gap-673376100 {\n  padding-top: 100px;\n}\n<\/style>\n\t<\/div>\n\t\n<div class=\"row\" style=\"max-width:1000px\" id=\"row-1405911039\">\n\n\t<div id=\"col-817091475\" class=\"col small-12 large-12\"  >\n\t\t\t\t<div class=\"col-inner\"  >\n\t\t\t\n\t\t\t\n\t<div id=\"text-169647268\" class=\"text\">\n\t\t\n<h1 class=\"thin-font\" style=\"text-align: left;\">Pol\u00edtica de privacidad<\/h1>\n\t\t\n<style>\n#text-169647268 {\n  font-size: 2rem;\n  line-height: 1.2;\n  text-align: center;\n  color: rgb(0, 0, 0);\n}\n#text-169647268 > * {\n  color: rgb(0, 0, 0);\n}\n<\/style>\n\t<\/div>\n\t\n\t<div id=\"gap-342808575\" class=\"gap-element clearfix\" style=\"display:block; height:auto;\">\n\t\t\n<style>\n#gap-342808575 {\n  padding-top: 30px;\n}\n<\/style>\n\t<\/div>\n\t\n<p>La Pol\u00edtica de Privacidad forma parte del Aviso Legal que rige la P\u00e1gina Web: www.itercon.com junto con la Normativa de Uso de Cookies.<\/p>\n<p>La p\u00e1gina Web www.itercon.com es titularidad de GRUPO CYCLUS y cumple con los requisitos derivados de la Ley 34\/2002, de 11 de julio, de Servicios de la Sociedad de la Informaci\u00f3n y de Comercio Electr\u00f3nico, y normativa vigente relativa a la protecci\u00f3n de datos de car\u00e1cter personal y, en particular, del Reglamento (UE) 2016\/679 del Parlamento Europeo y del Consejo, de 27 de abril de 2016, relativo a la protecci\u00f3n de las personas f\u00edsicas en lo que respecta al tratamiento de datos personales, a la libre circulaci\u00f3n de estos datos y la Ley Org\u00e1nica 3\/2018, de 5 de diciembre, de Protecci\u00f3n de Datos Personales y garant\u00eda de los derechos digitales.<\/p>\n<p>GRUPO CYCLUS se reserva el derecho a modificar o adaptar la presente Pol\u00edtica de Privacidad en todo momento. Por lo tanto, le recomendamos que revise la misma cada vez que acceda a la P\u00e1gina Web. En el supuesto de que un usuario se haya registrado en la p\u00e1gina web y acceda a su cuenta o perfil, al acceder a la misma, se le informar\u00e1 en el supuesto de que haya habido modificaciones sustanciales en relaci\u00f3n con el tratamiento de sus datos personales.<\/p>\n<p><strong>\u00bfQui\u00e9n es el RESPONSABLE DEL TRATAMIENTO?<\/strong><\/p>\n<p>Los datos que se recojan o nos facilite voluntariamente por medio de la P\u00e1gina Web, ya sea por la navegaci\u00f3n en la misma, as\u00ed como todos aquellos que nos pueda facilitar en los formularios de contacto, v\u00eda email o por tel\u00e9fono, ser\u00e1n recabados y tratados por el Responsable del Fichero, cuyos datos se indican a continuaci\u00f3n:<\/p>\n<table width=\"567\">\n<tbody>\n<tr>\n<td width=\"151\"><strong>Identidad<\/strong><\/td>\n<td width=\"416\"><strong>GRUPO CYCLUS (Inversiones Evfran, S.L.), del cual forman parte Innovaciones T\u00e9cnicas y Recursos Constructivos, S.A. (ITERCON); Infraestructuras y Servicios Servitria, S.A. (SERVITRIA) y Alondra Servicios Inmobiliarios, S.L. (ALONDRA).<\/strong><\/td>\n<\/tr>\n<tr>\n<td width=\"151\"><strong>CIF:<\/strong><\/td>\n<td width=\"416\">A46048088<\/td>\n<\/tr>\n<tr>\n<td width=\"151\"><strong>Direcci\u00f3n postal<\/strong><\/td>\n<td width=\"416\">C\/.Jes\u00fas, 81 entresuelo derecha &#8211; 46007 \u2013 Valencia (VALENCIA)<\/td>\n<\/tr>\n<tr>\n<td width=\"151\"><strong>Tel\u00e9fono<\/strong><\/td>\n<td width=\"416\">963804304<\/td>\n<\/tr>\n<tr>\n<td width=\"151\"><strong>Correo-e<\/strong><\/td>\n<td width=\"416\">datos@grupocyclus.com<\/td>\n<\/tr>\n<tr>\n<td width=\"151\"><strong>URL:<\/strong><\/td>\n<td width=\"416\">www.itercon.com<\/td>\n<\/tr>\n<tr>\n<td width=\"151\"><\/td>\n<td width=\"416\"><\/td>\n<\/tr>\n<\/tbody>\n<\/table>\n<p>Si, por cualquier motivo, quiere ponerse en contacto con nosotros en cualquier cuesti\u00f3n relacionada con el tratamiento de sus datos personales o privacidad (con nuestro Delegado de Protecci\u00f3n de Datos), puede hacerlo a trav\u00e9s de cualquiera de los medios indicados anteriormente.<\/p>\n<p><strong>\u00bfCu\u00e1ndo, por qu\u00e9, qui\u00e9n, c\u00f3mo, para qu\u00e9 y durante cu\u00e1nto tiempo tratamos sus datos personales?<\/strong><\/p>\n<p><u>\u00bfCu\u00e1ndo y por qu\u00e9?<\/u><\/p>\n<p>Puede navegar por la mayor\u00eda de nuestras p\u00e1ginas web sin facilitar ninguna informaci\u00f3n personal, pero en algunos casos esta informaci\u00f3n es necesaria para proporcionarle los servicios electr\u00f3nicos que nos solicita.<\/p>\n<p>Si necesitamos recabar datos personales para prestarle el servicio, trataremos la informaci\u00f3n seg\u00fan la pol\u00edtica expuesta en este documento y en las condiciones espec\u00edficas del concreto servicio de que se trate (si las hubiere), que contienen declaraciones espec\u00edficas de privacidad sobre el uso de los datos y le informan de por qu\u00e9, para qu\u00e9, c\u00f3mo, durante cu\u00e1nto tiempo tratamos sus datos personales y qu\u00e9 medidas de seguridad implementamos.<\/p>\n<p><u>\u00bfQui\u00e9n recaba sus datos?<\/u><\/p>\n<p>La recogida y tratamiento de los datos de car\u00e1cter personal que nos pueda facilitar, se llevan a cabo por nuestra entidad o, en su caso, sus encargados del tratamiento. En relaci\u00f3n a este \u00faltimo caso, estos encargados son terceros a los que se exige por contrato que su actividad respete la legalidad e implementen las medidas de seguridad adecuadas para proteger dichos datos.<\/p>\n<p><u>\u00bfPara qu\u00e9?<\/u><\/p>\n<p>Los datos personales que le solicitamos, o que nos facilites en raz\u00f3n de su navegaci\u00f3n, nos sirven para gestionar, prestar y mejorar los servicios que nos ha solicitado.<\/p>\n<p>Por ejemplo, trataremos datos personales suyos para poder gestionar las consultas que nos env\u00ede, para poder gestionar su participaci\u00f3n en procesos de selecci\u00f3n de personal, para enviarle comunicaciones electr\u00f3nicas en el caso de que as\u00ed nos lo solicitase, y\/o para la confecci\u00f3n de estad\u00edsticas.<\/p>\n<p>En este sentido, le solicitamos un correo electr\u00f3nico cuando usa nuestros formularios de contacto en la web. Solo recogemos los datos personales del remitente necesarios para responderle.<\/p>\n<p>Cuando se suscribes a nuestros boletines tambi\u00e9n le solicitamos un correo electr\u00f3nico para poder prestarle el servicio, en cualquier caso puede gestionar su baja del servicio cuando lo desee y ponemos medios a su disposici\u00f3n para hacerlo.<\/p>\n<p><u>\u00bfC\u00f3mo tratamos sus datos?<\/u><\/p>\n<p>Recogemos exclusivamente la informaci\u00f3n personal en la medida necesaria para alcanzar un prop\u00f3sito espec\u00edfico. La informaci\u00f3n no se utilizar\u00e1 para una finalidad incompatible con la descrita.<\/p>\n<p>Solamente revelamos la informaci\u00f3n a terceros si es necesaria para el cumplimiento de la finalidad del servicio y \u00fanicamente a las personas que deben conocerlos. Todo ello al objeto de que se pueda prestar el servicio tratando sus datos personales con confidencialidad y reserva, conforme a la legislaci\u00f3n vigente.<\/p>\n<p>En todo caso, nuestra entidad adopta medidas de seguridad para proteger los datos contra un posible abuso o acceso no autorizado, alteraci\u00f3n o p\u00e9rdida.<\/p>\n<p><u>\u00bfCu\u00e1nto tiempo guardamos sus datos?<\/u><\/p>\n<p>Guardamos los datos solamente por el tiempo necesario para cumplir la finalidad de su recogida o de su procesamiento posterior. El periodo de conservaci\u00f3n de los datos depender\u00e1 del servicio y en cada servicio se indicar\u00e1 la duraci\u00f3n del tratamiento de datos personales.<\/p>\n<p>Al final de este documento le facilitamos una tabla con los periodos espec\u00edficos de conservaci\u00f3n.<\/p>\n<p><strong>\u00bfCon que finalidades vamos a tratar sus datos personales?<\/strong><\/p>\n<ul>\n<li>Clientes:<\/li>\n<\/ul>\n<p>Tratamos sus datos personales con la finalidad de (i) gestionar su compra o servicio prestado; (ii) mantener la relaci\u00f3n contractual y precontractual para la facturaci\u00f3n, elaboraci\u00f3n de presupuestos y hacer seguimiento del mismo as\u00ed como remitirle informaci\u00f3n por medios electr\u00f3nicos que versen sobre tu solicitud; (iii) env\u00edo de comunicaciones sobre informaci\u00f3n comercial por medios electr\u00f3nicos que puedan resultar de su inter\u00e9s, siempre que exista autorizaci\u00f3n expresa; (iv) podremos elaborar un perfil comercial con base en la informaci\u00f3n que nos facilite con el fin de poder ofrecerle productos y servicios de acuerdo con sus intereses. No se tomar\u00e1n decisiones automatizadas en base a dicho perfil.<\/p>\n<ul>\n<li>Proveedores:<\/li>\n<\/ul>\n<p>Tratamos sus datos personales con la finalidad de (i) facturaci\u00f3n y (ii) mantener el contacto comercial, (iii) as\u00ed como remitirle informaci\u00f3n por medios electr\u00f3nicos sobre nuestros productos o servicios.<\/p>\n<ul>\n<li>Contactos de la web o del correo electr\u00f3nico:<\/li>\n<\/ul>\n<p>Tratamos sus datos personales con la finalidad de (i) contestar sus consultas y solicitudes;\u00a0 (ii) gestionar el servicio solicitado o tramitar su pedido; (iii) remitirle\u00a0 informaci\u00f3n comercial por medios electr\u00f3nicos que puedan resultar de su inter\u00e9s, siempre que exista autorizaci\u00f3n expresa; (iv) podremos elaborar un perfil comercial con base en la informaci\u00f3n que nos facilite con el fin de poder ofrecerle productos y servicios de acuerdo con sus intereses. No se tomar\u00e1n decisiones automatizadas en base a dicho perfil.<\/p>\n<ul>\n<li>Contactos redes sociales:<\/li>\n<\/ul>\n<p>Tratamos sus datos personales con la finalidad de (i) contestar sus consultas y solicitudes, (ii) gestionar el servicio solicitado, contestar su solicitud o tramitar su pedido e (iii) interactuar contigo y crear una comunidad de seguidores.<\/p>\n<ul>\n<li>Demandantes de empleo:<\/li>\n<\/ul>\n<p>Tratamos sus datos personales con la finalidad de (i) contar contigo en los procesos de selecci\u00f3n de contrataci\u00f3n, (ii) citarle para entrevistas de trabajo y evaluar su candidatura, (iii) comunicar su curriculum a empresas del grupo, colaboradoras o afines con el \u00fanico objetivo de hacerle part\u00edcipe en sus procesos de selecci\u00f3n, siempre que nos hayas dado su consentimiento.<\/p>\n<ul>\n<li>Participantes en nuestros concursos<strong>:<\/strong><\/li>\n<\/ul>\n<p>Tratamos sus datos personales con la finalidad de gestionar su participaci\u00f3n en los concursos que organicemos, as\u00ed como publicitar a los ganadores del concurso y el acto de entrega de premios.<\/p>\n<p>Los participantes que resulten premiados podr\u00e1n ser fotografiados o grabados en v\u00eddeo y difundidos en cualquiera de los medios, nuestra web u otros medios de comunicaci\u00f3n. En consecuencia es posible que la imagen de los participantes sea captada, grabada y\/o reproducida de modo accesorio a la actividad principal<\/p>\n<ul>\n<li>Usuarios de la web:<\/li>\n<\/ul>\n<p>Por navegar por nuestra web recopilamos informaci\u00f3n sobre su navegador, su\u00a0 dispositivo y\u00a0 los datos del uso que realice de nuestra p\u00e1gina web as\u00ed como cualquier informaci\u00f3n que nos proporcione al utilizar nuestra web. De forma anonimizada o agregada, podremos registrar la direcci\u00f3n IP (n\u00famero de identificaci\u00f3n del acceso a Internet del dispositivo, que permite a los dispositivos, sistemas y servidores reconocerse y comunicarse entre s\u00ed).<\/p>\n<p>La finalidad del tratamiento es (i) obtener un conocimiento pr\u00e1ctico sobre el modo en que los usuarios utilizan nuestra p\u00e1gina web que nos permita mejorarla; (ii) realizar an\u00e1lisis estad\u00edsticos que nos ayude a mejorar nuestra estrategia comercial;\u00a0 (iii) realizar anal\u00edticas de rendimiento de la web y (iv) por seguridad t\u00e9cnica y diagn\u00f3stico de sistemas.<\/p>\n<p>Los datos que obtenemos no est\u00e1 relacionada con un usuario concreto y se almacenar\u00e1 en nuestras bases de datos.<\/p>\n<p>Los datos anteriormente mencionados, as\u00ed como los datos personales que en su caso nos facilite, se almacenan mediante cookies\u00a0 que se recogen en un formato seudonimizados y se encuentran sujetos a la presentaci\u00f3n de objeciones al tratamiento de estos datos personales, como se detalla en la Pol\u00edtica de Cookies.<\/p>\n<p>Puede consultar la Pol\u00edtica de Cookies en el apartado correspondiente.<\/p>\n<p>La informaci\u00f3n de su navegaci\u00f3n puede almacenarse mediante Google Analytics, por lo que nos remitimos a la Pol\u00edtica de Privacidad de Google, ya que \u00e9ste recaba y trata tal informaci\u00f3n. https:\/\/www.google.com\/intl\/en\/policies\/privacy\/<\/p>\n<p>Del mismo modo, desde nuestra p\u00e1gina web se puede facilitar la utilidad de Google Maps, la cual podr\u00eda tener acceso a su ubicaci\u00f3n, en el supuesto de que se lo permita, con el fin de facilitarte una mayor especificidad sobre la distancia y\/o caminos a nuestras sedes. A este respecto, nos remitimos a la pol\u00edtica de privacidad utilizada por Google Maps, con el fin de conocer el uso y tratamiento de tales datos https:\/\/www.google.com\/intl\/en\/policies\/privacy\/<\/p>\n<p>Con objeto de ofrecer informaci\u00f3n o servicios de inter\u00e9s en funci\u00f3n de la localizaci\u00f3n del Usuario, podremos acceder a datos relativos a la geolocalizaci\u00f3n del dispositivo del Usuario en aquellos casos en que la configuraci\u00f3n del usuario al efecto as\u00ed lo permita.<\/p>\n<p>El Portal puede ofrecer funcionalidades para compartir contenidos a trav\u00e9s de aplicaciones de terceros, como Facebook o Twitter. Estas aplicaciones pueden recoger y tratar informaci\u00f3n relacionada con la navegaci\u00f3n del usuario en los diferentes sitios webs. Cualquier informaci\u00f3n personal que se recabada a trav\u00e9s de estas aplicaciones puede ser utilizada por terceros usuarios de las mismas. Sus interacciones est\u00e1n sometidas a las pol\u00edticas de privacidad de las compa\u00f1\u00edas que facilitan las aplicaciones.<\/p>\n<p>El Portal puede alojar blogs, foros, y otras aplicaciones o servicios de redes sociales con la finalidad de facilitar el intercambio de conocimiento y contenido. Cualquier informaci\u00f3n personal que se facilite por el usuario puede ser compartida con otros usuarios de ese servicio, sobre los cuales no tenemos control alguno.<\/p>\n<ul>\n<li>Videovigilancia:<\/li>\n<\/ul>\n<p>Igualmente le informamos que contamos con un sistema de videovigilancia, cuya funci\u00f3n es garantizar la seguridad de las personas, bienes e instalaciones. Adicionalmente estas im\u00e1genes podr\u00e1n ser utilizadas para vigilancia y control del cumplimiento de la normativa de laboral y prevenci\u00f3n de riesgos.<\/p>\n<p>La normativa vigente legitima el tratamiento efectuado sobre la base del inter\u00e9s leg\u00edtimo, por lo que su imagen puede ser grabada con el mero hecho de acceder nuestras instalaciones.<\/p>\n<p>Estos datos podr\u00e1n ser comunicados a las Fuerzas y cuerpos de Seguridad del Estado en caso de que resulte necesario. Las im\u00e1genes ser\u00e1n custodiadas durante el plazo m\u00e1ximo de un (1) mes desde su captaci\u00f3n.<\/p>\n<p><strong>\u00bfCu\u00e1l es la legitimaci\u00f3n para el tratamiento de sus datos?<\/strong><\/p>\n<ul>\n<li>Clientes:<\/li>\n<\/ul>\n<p>La base legal para el tratamiento de sus datos es (i) la ejecuci\u00f3n de un contrato y mantenimiento de la relaci\u00f3n contractual y (ii) su consentimiento que se le solicita para la remisi\u00f3n de ofertas de productos y servicios a trav\u00e9s de medios electr\u00f3nicos, sin que en ning\u00fan caso la retirada de este consentimiento condicione la ejecuci\u00f3n del contrato.<\/p>\n<ul>\n<li>Proveedores:<\/li>\n<\/ul>\n<p>La base legal para el tratamiento de sus datos es (i) la ejecuci\u00f3n de un contrato en el que el interesado es parte o para la aplicaci\u00f3n de medidas precontractuales.<\/p>\n<ul>\n<li>Contactos de la web o del correo electr\u00f3nico:<\/li>\n<\/ul>\n<p>La base legal para el tratamiento de sus datos es (i) el consentimiento del interesado.<\/p>\n<p>En aquellos casos donde para realizar una solicitud sea necesario cumplimentar un formulario y hacer un &#8220;click&#8221; en el bot\u00f3n de enviar, la realizaci\u00f3n del mismo implicar\u00e1 necesariamente que ha sido informado y ha otorgado expresamente su consentimiento al contenido de la cl\u00e1usula anexada a dicho formulario o aceptaci\u00f3n de la pol\u00edtica de privacidad.<\/p>\n<p>Todos nuestros formularios cuentan con una casilla de verificaci\u00f3n que es necesario marcar para acceder a los servicios que se ofrecen. \u00a0Las finalidades del tratamiento ser\u00e1n las siguientes:<\/p>\n<ol>\n<li>Gestionar las consultas o solicitudes de informaci\u00f3n que nos env\u00edes a trav\u00e9s de la P\u00e1gina Web, correo electr\u00f3nico o tel\u00e9fono.<\/li>\n<li>Env\u00edo de comunicaciones, promociones especiales, noticias o acciones que resulten de tu inter\u00e9s o nos solicites incluso por medios electr\u00f3nicos. Al tratarse de una finalidad accesoria a la principal, deber\u00e1s marcar la casilla habilitada a tal efecto.<\/li>\n<\/ol>\n<p>Los datos personales que nos facilites por este medio no ser\u00e1n comunicados a terceros, siendo Innovaciones Tecnicas y Recursos Constructivos S.A. (ITERCON) quien d\u00e9, directamente respuesta a este tipo de consultas.<\/p>\n<ul>\n<li>Contactos redes sociales:<\/li>\n<\/ul>\n<p>La base legal para el tratamiento de sus datos es la aceptaci\u00f3n de la relaci\u00f3n contractual con el proveedor de la red social correspondiente manifestada al darse de alta en su aplicaci\u00f3n y conforme a sus pol\u00edticas de privacidad, que es externa a nosotros.<\/p>\n<ul>\n<li>Trabaja con nosotros:<\/li>\n<\/ul>\n<p>En el supuesto de que nos facilite su curriculum vitae, ya sea por medio de la P\u00e1gina Web, correo electr\u00f3nico o f\u00edsicamente en el domicilio o cualquier sede de Innovaciones Tecnicas y Recursos Constructivos S.A. (ITERCON) los incorporar\u00e1 en su base de datos. El curriculum ser\u00e1 almacenado durante el plazo de 1 a\u00f1o, tras el cual, en el caso de no habernos puesto en contacto contigo, ser\u00e1 eliminado.<\/p>\n<p>La base legal para el tratamiento se basar\u00e1 en el consentimiento expreso otorgado por el interesado para el tratamiento de los datos contenidos en el curriculum al remitir el mismo y marcar la casilla habilitada a tal efecto.<\/p>\n<p>La finalidad del tratamiento es incorporarle a presentes y futuros procesos de selecci\u00f3n de Innovaciones Tecnicas y Recursos Constructivos S.A. (ITERCON) o de cualquier entidad perteneciente al grupo empresarial.<\/p>\n<p>En el supuesto de que finalmente, el interesado se incorpore como empleado a Innovaciones Tecnicas y Recursos Constructivos S.A. (ITERCON) o cualquiera de las entidades pertenecientes al grupo empresarial, sus datos se incorporar\u00e1n a una base de datos propiedad del mismo, con el fin de gestionar internamente la relaci\u00f3n laboral empleado- empleador.<\/p>\n<p>&#8211; Env\u00edo de Newsletter:<\/p>\n<p>En la P\u00e1gina Web se permite la opci\u00f3n de suscribirse a la Newsletter de Innovaciones Tecnicas y Recursos Constructivos S.A. (ITERCON) Para ello, es necesario que nos facilite una direcci\u00f3n de correo electr\u00f3nico a la que se remitir\u00e1 la misma<\/p>\n<p>Tal informaci\u00f3n ser\u00e1 almacenada en una base de datos de Innovaciones Tecnicas y Recursos Constructivos S.A. (ITERCON) en la cual quedar\u00e1 registrada hasta que el interesado solicite la baja de la misma o, en su caso, se cese por parte de Innovaciones Tecnicas y Recursos Constructivos S.A. (ITERCON) del env\u00edo de la misma.<\/p>\n<p>La base legal para el tratamiento de estos datos personales es el consentimiento expreso prestado por todos aquellos interesados que se suscriban en este servicio marcando la casilla destinada a tal efecto.<\/p>\n<p>Los datos de los correos electr\u00f3nicos ser\u00e1n \u00fanicamente tratados y almacenados con la finalidad de gestionar el env\u00edo de la Newsletter por parte de los usuarios que soliciten la misma.<\/p>\n<p>&#8211; Usuarios de la web:<\/p>\n<p>La base legal para el tratamiento de los datos es nuestro (i) inter\u00e9s leg\u00edtimo en conocer los modos de navegaci\u00f3n de nuestros usuarios para adaptarnos a sus intereses y mejorar nuestra relaci\u00f3n con ellos; as\u00ed como (ii) su consentimiento al navegar por nuestra web y aceptar los t\u00e9rminos de uso de las cookies.<\/p>\n<p><strong>\u00bfA qu\u00e9 destinatarios se comunicar\u00e1n sus datos?<\/strong><\/p>\n<p>Sus datos no se ceder\u00e1n a terceros ajenos al servicio que prestamos, salvo obligaci\u00f3n legal. En concreto se comunicar\u00e1n a la Agencia Estatal de la Administraci\u00f3n Tributaria y a bancos y entidades financieras para el cobro del servicio prestado o producto adquirido.<\/p>\n<p>Tambi\u00e9n podr\u00e1n ser comunicados sus datos a nuestros proveedores de servicios cuando sea necesario para la ejecuci\u00f3n del contrato. En estos casos, el encargado de tratamiento se ha comprometido por contrato a emplear los datos s\u00f3lo para el fin que justifica el tratamiento y mantener medidas de seguridad adecuadas.<\/p>\n<p><strong>\u00bfQu\u00e9 medidas de seguridad aplicamos?<\/strong><\/p>\n<p>Puede estar tranquilo, hemos adoptado medidas t\u00e9cnicas y organizativas adecuadas para garantizar la confidencialidad, integridad y disponibilidad\u00a0 en el tratamiento de sus datos personales que realizamos, en concreto aquellas que evitan la p\u00e9rdida, mal uso, alteraci\u00f3n, acceso no autorizado y robo de los datos personales.<\/p>\n<p><strong>\u00bfCu\u00e1les son sus derechos cuando nos facilita sus datos?<\/strong><\/p>\n<p>Puede ejercer sus derechos de acceso, rectificaci\u00f3n, supresi\u00f3n, portabilidad, limitaci\u00f3n u oposici\u00f3n al tratamiento de sus datos, incluido el derecho a retirar su consentimiento prestado, conforme se detalla a continuaci\u00f3n:<\/p>\n<p><u>Derecho de acceso<\/u>: Puedes preguntarnos si estamos tratando sus datos y de qu\u00e9 manera.<\/p>\n<p><u>Derecho de rectificaci\u00f3n<\/u>: Puedes pedirnos que actualicemos tus datos personales si son incorrectos, y suprimirlos si as\u00ed lo deseas.<\/p>\n<p><u>Derecho de limitaci\u00f3n del tratamient<\/u>o: En este caso \u00fanicamente ser\u00e1n conservados por nosotros para el ejercicio o la defensa de reclamaciones.<\/p>\n<p><u>Derecho de oposici\u00f3n<\/u>: Tras tu solicitud de oposici\u00f3n al tratamiento, dejaremos de tratar los datos en la forma que indiques, salvo que por motivos leg\u00edtimos imperiosos o el ejercicio o la defensa de posibles reclamaciones se tengan que seguir tratando.<\/p>\n<p><u>Derecho a la portabilidad de los datos<\/u>: En caso de que quieras que tus datos sean tratados por otra empresa, te facilitaremos la portabilidad de tus datos al nuevo responsable.<\/p>\n<p><u>Derecho de supresi\u00f3n<\/u>: Puedes solicitar que eliminemos tus datos cuando ya no sean necesarios para el tratamiento, retires tu consentimiento, sea un tratamiento il\u00edcito o haya una obligaci\u00f3n legal de hacerlo. Analizaremos el supuesto y aplicaremos la ley.<\/p>\n<p>Si necesitas m\u00e1s informaci\u00f3n sobre qu\u00e9 derechos tienes reconocidos en la Ley y c\u00f3mo ejercerlos, te recomendamos dirigirte a la Agencia Espa\u00f1ola de Protecci\u00f3n de Datos, que es la autoridad de control en materia de protecci\u00f3n de datos.<\/p>\n<p>Puede dirigirse al Delegado de Protecci\u00f3n de Datos con car\u00e1cter previo a la presentaci\u00f3n de una reclamaci\u00f3n contra el responsable del tratamiento ante la AEPD.<\/p>\n<p>En el caso de que no te hayamos atendido el ejercicio de sus derechos puedes presentar una reclamaci\u00f3n ante la Agencia Espa\u00f1ola de Protecci\u00f3n de Datos.<\/p>\n<p>Disponemos de formularios para el ejercicio de derechos que pueden ser solicitados al correo electr\u00f3nico citado m\u00e1s arriba; tambi\u00e9n puede utilizar los elaborados por la Agencia Espa\u00f1ola de Protecci\u00f3n de Datos o los de terceros. Estos formularios deber\u00e1n ir firmados electr\u00f3nicamente o ser acompa\u00f1ados de fotocopia del DNI. Si se act\u00faa por medio de representante de la misma manera deber\u00e1 ir acompa\u00f1ado de copia de su DNI o con firma electr\u00f3nica.<\/p>\n<p>Los formularios deber\u00e1n ser presentados presencialmente o remitidos por correo postal o electr\u00f3nico en las direcciones que aparecen en el apartado \u201cResponsable\u201d.<\/p>\n<p>El plazo m\u00e1ximo para resolver es el de un mes a contar desde la recepci\u00f3n de su solicitud.<\/p>\n<p><strong>\u00bfPor cu\u00e1nto tiempo conservaremos sus datos?<\/strong><\/p>\n<p>Los datos personales ser\u00e1n mantenidos mientras mantenga la vinculaci\u00f3n con nosotros.<\/p>\n<p>Al finalizar el mismo, los datos personales tratados en cada una de las finalidades indicadas se mantendr\u00e1n durante los plazos legalmente previstos. En caso de no existir ese plazo legal hasta que el interesado solicite su supresi\u00f3n o revoque el consentimiento otorgado, o durante el plazo que un juez o tribunal los pueda requerir atendiendo al plazo de prescripci\u00f3n de acciones judiciales.<\/p>\n<p>En cada tratamiento o tipolog\u00eda de datos, te facilitamos un periodo espec\u00edfico, que puedes consultar en la siguiente tabla:<\/p>\n<table width=\"567\">\n<tbody>\n<tr>\n<td width=\"117\"><strong>Datos relativos a<\/strong><\/td>\n<td width=\"238\"><strong>Documento<\/strong><\/td>\n<td width=\"212\"><strong>Conservaci\u00f3n<\/strong><\/td>\n<\/tr>\n<tr>\n<td rowspan=\"4\" width=\"117\">Clientes y proveedores<\/td>\n<td width=\"238\">Facturas<\/td>\n<td width=\"212\">4 a\u00f1os, art. 66 Ley 58\/2003, General<\/p>\n<p>Tributaria.<\/p>\n<p>10 a\u00f1os, (Prescripci\u00f3n)\u00a0 Ley 34\/2015, de 21 de septiembre, de modificaci\u00f3n parcial de la Ley 58\/2003, General Tributaria (Art.<\/p>\n<p>66bis)<\/td>\n<\/tr>\n<tr>\n<td width=\"238\">Contratos<\/td>\n<td width=\"212\">5 a\u00f1os<\/td>\n<\/tr>\n<tr>\n<td width=\"238\">Documentos y registros de trascendencia tributaria<\/td>\n<td width=\"212\">Ley General Tributaria arts. 66 a 70<\/p>\n<p>4 ejercicios (a\u00f1os) anteriores<\/td>\n<\/tr>\n<tr>\n<td width=\"238\">Sujetos obligados Ley Prevenci\u00f3n de Blanqueo de Capitales, documentaci\u00f3n acreditativa cumplimiento obligaciones PBC<\/td>\n<td width=\"212\">Ley 10\/2010 art. 25<\/p>\n<p>10 a\u00f1os<\/td>\n<\/tr>\n<tr>\n<td rowspan=\"6\" width=\"117\">Recursos Humanos<\/td>\n<td width=\"238\">N\u00f3minas, TC1, TC2, etc.<\/td>\n<td width=\"212\">10 a\u00f1os, LO 7\/2012<\/td>\n<\/tr>\n<tr>\n<td width=\"238\">Curriculums<\/td>\n<td width=\"212\">Hasta el fin del proceso de selecci\u00f3n, y hasta 1 a\u00f1o m\u00e1s salvo que el interesado revoque el consentimiento o solicite la supresi\u00f3n<\/td>\n<\/tr>\n<tr>\n<td width=\"238\">Docs. de indemnizaciones por despido.<\/p>\n<p>Contratos.<\/p>\n<p>Datos de trabajadores temporales.<\/p>\n<p>Expediente del trabajador.<\/td>\n<td width=\"212\">Ley sobre infracciones y sanciones en el orden social (RD 8\/2000): art. 21<\/p>\n<p>4 a\u00f1os<\/td>\n<\/tr>\n<tr>\n<td width=\"238\">Registro diario de la jornada laboral.<\/td>\n<td width=\"212\">RD ley 8\/2019<\/p>\n<p>4 a\u00f1os<\/td>\n<\/tr>\n<tr>\n<td width=\"238\">Documentaci\u00f3n o registros inform\u00e1ticos acreditando el cumplimiento de la normativa de PRL.<\/p>\n<p>Documentaci\u00f3n necesaria para la obligaci\u00f3n del pago de las cuotas a la Seguridad Social.<\/td>\n<td width=\"212\">RDL 5\/2000 art. 4<\/p>\n<p>5 a\u00f1os<\/td>\n<\/tr>\n<tr>\n<td width=\"238\">Tac\u00f3grafo digital: transferencias y copias de datos almacenados en la memoria.<\/td>\n<td width=\"212\">Real Decreto 125\/2017, de 24 de febrero.<\/p>\n<p>1 a\u00f1o<\/td>\n<\/tr>\n<\/tbody>\n<\/table>\n<table width=\"567\">\n<tbody>\n<tr>\n<td width=\"117\">M\u00e1rketing<\/td>\n<td width=\"238\">Bases de datos o visitantes de la web.<\/td>\n<td colspan=\"2\" width=\"212\">Mientras dure el tratamiento.<\/td>\n<\/tr>\n<tr>\n<td rowspan=\"2\" width=\"117\">Control de acceso y videovigilacia<\/td>\n<td width=\"238\">Registro de visitantes<\/td>\n<td colspan=\"2\" width=\"212\">Instrucci\u00f3n 1\/1996 AEPD<\/p>\n<p>30 d\u00edas<\/td>\n<\/tr>\n<tr>\n<td width=\"238\">Videovigilancia.<\/p>\n<p>Cuando se trata de un centro docente. (Colocaci\u00f3n en zonas comunes centro escolar para protecci\u00f3n de los menores.)<\/td>\n<td width=\"197\">Art. 22.3 Ley Org\u00e1nica 3\/2018, de 5 de diciembre, de Protecci\u00f3n de Datos Personales y garant\u00eda de los derechos digitales<\/p>\n<p>30 d\u00edas<\/p>\n<p>Informe Jur\u00eddico AEPD 475\/2014<\/p>\n<p>10 d\u00edas<\/td>\n<td width=\"15\"><\/td>\n<\/tr>\n<tr>\n<td width=\"117\">Contabilidad<\/td>\n<td width=\"238\">Libros y Documentos contables.<\/p>\n<p>Acuerdos socios y consejos de administraci\u00f3n, estatutos de la sociedad, actas, reglamento consejo de administraci\u00f3n y comisiones delegadas.<\/p>\n<p>Estados financieros, informes de auditoria.<\/p>\n<p>Registros y documentos relacionados con subvenciones.<\/td>\n<td width=\"197\">C\u00f3digo Comercio art. 30:<\/p>\n<p>6 a\u00f1os<\/td>\n<td width=\"15\"><\/td>\n<\/tr>\n<tr>\n<td rowspan=\"2\" width=\"117\">Fiscal<\/td>\n<td width=\"238\">Prescripci\u00f3n de la comprobaci\u00f3n de las bases imponibles y deducciones.<\/td>\n<td colspan=\"2\" width=\"212\">10 a\u00f1os, Ley 34\/2015, de 21 de septiembre, de modificaci\u00f3n parcial de la Ley 58\/2003, General Tributaria (Art.<\/p>\n<p>66bis)<\/td>\n<\/tr>\n<tr>\n<td width=\"238\">Libros de contabilidad y otros libros registros obligatorios (IRPF, IVA, IS, etc.) as\u00ed como los soportes documentales que justifiquen las anotaciones registradas en los libros.<\/p>\n<p>Llevanza de la administraci\u00f3n de la empresa, derechos y obligaciones relativos al pago de impuestos.<\/p>\n<p>Administraci\u00f3n de pagos de dividendos y retenciones fiscales.<\/td>\n<td colspan=\"2\" width=\"212\">4 a\u00f1os, arts. 66 a 70, Ley General<\/p>\n<p>Tributaria.<\/td>\n<\/tr>\n<tr>\n<td width=\"117\">Seguridad y Salud<\/td>\n<td width=\"238\">Registros M\u00e9dicos de Trabajadores.<\/td>\n<td colspan=\"2\" width=\"212\">5 a\u00f1os<\/td>\n<\/tr>\n<\/tbody>\n<\/table>\n<table style=\"font-size: 14.4px;\" width=\"567\">\n<tbody>\n<tr>\n<td rowspan=\"5\" width=\"117\">Medioambiente<\/td>\n<td width=\"238\">Informaci\u00f3n sustancias qu\u00edmicas o sustancialmente peligrosas.<\/td>\n<td width=\"212\">10 a\u00f1os<\/td>\n<\/tr>\n<tr>\n<td width=\"238\">Documentos relativos a permisos medioambientales Mientras se lleve a cabo la actividad.<\/td>\n<td width=\"212\">3 a\u00f1os tras el cierre de la actividad<\/p>\n<p>10 a\u00f1os\u00a0 (prescripci\u00f3n delito)<\/td>\n<\/tr>\n<tr>\n<td width=\"238\">Registros sobre reciclaje o la eliminaci\u00f3n de residuos.<\/td>\n<td width=\"212\">3 a\u00f1os<\/td>\n<\/tr>\n<tr>\n<td width=\"238\">Subvenciones para operaciones de limpieza debe conservar los documentos de derechos y obligaciones, recibos y pagos.<\/td>\n<td width=\"212\">4 a\u00f1os<\/td>\n<\/tr>\n<tr>\n<td width=\"238\">Informes sobre accidentes.<\/td>\n<td width=\"212\">5 a\u00f1os<\/td>\n<\/tr>\n<tr>\n<td width=\"117\">Seguros<\/td>\n<td width=\"238\">P\u00f3lizas de seguros.<\/td>\n<td width=\"212\">6 a\u00f1os (regla general)<\/p>\n<p>2 a\u00f1os (da\u00f1os)<\/p>\n<p>5 a\u00f1os (personales)<\/p>\n<p>10 a\u00f1os (vida)<\/td>\n<\/tr>\n<tr>\n<td width=\"117\">Compras<\/td>\n<td width=\"238\">Registro todas las entregadas de bienes o prestaci\u00f3n de servicios, adquisiciones intracomunitarias, importaciones y exportaciones a efectos de IVA.<\/td>\n<td width=\"212\">10 a\u00f1os<\/td>\n<\/tr>\n<tr>\n<td rowspan=\"3\" width=\"117\">Jur\u00eddico<\/td>\n<td width=\"238\">Documentos Propiedad Intelectual e Industrial.<\/p>\n<p>Contratos y acuerdos.<\/td>\n<td width=\"212\">5 a\u00f1os<\/td>\n<\/tr>\n<tr>\n<td width=\"238\">Permisos, licencias, certificados<\/td>\n<td width=\"212\">6 a\u00f1os desde la fecha de expiraci\u00f3n del permiso, licencia o certificado. 10 a\u00f1os (prescripci\u00f3n penal)<\/td>\n<\/tr>\n<tr>\n<td width=\"238\">Acuerdos de confidencialidad y de no competencia.<\/td>\n<td width=\"212\">Siempre el plazo de duraci\u00f3n de la<\/p>\n<p>obligaci\u00f3n o de la confidencialidad<\/td>\n<\/tr>\n<tr>\n<td rowspan=\"4\" width=\"117\">Normativa de protecci\u00f3n de datos<\/td>\n<td width=\"238\">Registros y documentos acreditando el cumplimiento de los requisitos de la normativa de protecci\u00f3n de datos (auditor\u00edas, informes, contratos de encargado, etc)<\/td>\n<td width=\"212\">Mientras dure el tratamiento de los datos y despu\u00e9s durante<\/p>\n<p>3 a\u00f1os<\/td>\n<\/tr>\n<tr>\n<td width=\"238\">Documentaci\u00f3n acreditando que se atienden las solicitudes de ejercicio de derechos de los interesados<\/td>\n<td width=\"212\">Durante<\/p>\n<p>3 a\u00f1os despu\u00e9s de la solicitud<\/td>\n<\/tr>\n<tr>\n<td width=\"238\">Logs\/Registros de accesos a los sistemas de informaci\u00f3n<\/td>\n<td width=\"212\">2 a\u00f1os<\/td>\n<\/tr>\n<tr>\n<td width=\"238\">Si el tratamiento se basa en el consentimiento del interesado, prueba del consentimiento<\/td>\n<td width=\"212\">Mientras dure el tratamiento de los datos y despu\u00e9s durante<\/p>\n<p>3 a\u00f1os<\/td>\n<\/tr>\n<\/tbody>\n<\/table>\n<table width=\"567\">\n<tbody>\n<tr>\n<td width=\"117\">Canal de denuncias<\/td>\n<td width=\"238\">Denuncias internas<\/p>\n<p>Programa de cumplimiento normativo<\/p>\n<p>(responsabilidad penal empresarial)<\/td>\n<td width=\"212\">LOPDGDD 3\/2018, art.24.4<\/p>\n<p>3 meses (regla general)<\/p>\n<p>10 a\u00f1os (prescripci\u00f3n penal)<\/td>\n<\/tr>\n<tr>\n<td width=\"117\">Blanqueo de capitales<\/td>\n<td width=\"238\">Los sujetos obligados conservar\u00e1n durante un per\u00edodo m\u00ednimo de diez a\u00f1os la documentaci\u00f3n en que se formalice el cumplimiento de las obligaciones establecidas en la presente Ley.<\/p>\n<p>En todo caso, el sistema de archivo de los sujetos obligados deber\u00e1 asegurar la adecuada gesti\u00f3n y disponibilidad de la documentaci\u00f3n, tanto a efectos de control interno, como de atenci\u00f3n en tiempo y forma a los requerimientos de las autoridades.<\/td>\n<td width=\"212\">10 a\u00f1os<\/p>\n<p>Art\u00edculo 25 de la Ley 10\/2010 de 28 de abril, de prevenci\u00f3n del blanqueo de capitales y de la financiaci\u00f3n del terrorismo.<\/td>\n<\/tr>\n<tr>\n<td width=\"117\">Historia cl\u00ednica<\/td>\n<td width=\"238\">Los centros sanitarios tienen la obligaci\u00f3n de conservar la documentaci\u00f3n cl\u00ednica en condiciones que garanticen su correcto mantenimiento y seguridad, aunque no necesariamente en el soporte original, para la debida asistencia al paciente durante el tiempo adecuado a cada caso y, como m\u00ednimo, cinco a\u00f1os contados desde la fecha del alta de cada proceso asistencial.<\/p>\n<p>La documentaci\u00f3n cl\u00ednica tambi\u00e9n se conservar\u00e1 a efectos judiciales de conformidad con la legislaci\u00f3n vigente. Se conservar\u00e1, asimismo, cuando existan razones epidemiol\u00f3gicas, de investigaci\u00f3n o de organizaci\u00f3n y funcionamiento del Sistema Nacional de Salud. Su tratamiento se har\u00e1 de forma que se evite en lo posible la identificaci\u00f3n de las personas afectadas.<\/p>\n<p>Para garantizar los usos futuros de la historia cl\u00ednica, especialmente el asistencial, se conservar\u00e1 el tiempo m\u00ednimo establecido en la normativa b\u00e1sica estatal, contado desde la fecha del alta de cada proceso asistencial o desde el fallecimiento del paciente.<\/td>\n<td width=\"212\">5 a\u00f1os (m\u00ednimo)<\/p>\n<p>Art\u00edculo 17 de la Ley 41\/2002 de 14 noviembre, de autonom\u00eda del paciente y derechos y obligaciones en materia de informaci\u00f3n y documentaci\u00f3n cl\u00ednica.<\/p>\n<p>Ley 10\/2014, de 29 diciembre, de la CA<\/p>\n<p>Valenciana (Salud)<\/td>\n<\/tr>\n<\/tbody>\n<\/table>\n<table style=\"font-size: 14.4px;\" width=\"567\">\n<tbody>\n<tr>\n<td width=\"117\">Datos de tr\u00e1fico relativos a conexiones a internet, correos-e y llamadas de telefon\u00eda fija y m\u00f3vil.<\/td>\n<td width=\"238\">Identificador de usuario, direcci\u00f3n IP (origen\/destino), n\u00famero de tel\u00e9fono, IMSI e IMEI (origen\/destino), fecha y hora de la comunicaci\u00f3n (inicio\/fin), identificaci\u00f3n del tipo de servicio o comunicaci\u00f3n utilizado (voz, datos,<\/p>\n<p>SMS o MMS,\u2026)<\/td>\n<td width=\"212\">1 a\u00f1o<\/p>\n<p>Art\u00edculo 5 de la Ley 25\/2007, de 18 de octubre, de conservaci\u00f3n de datos relativos a las comunicaciones electr\u00f3nicas y a las redes p\u00fablicas de comunicaciones.<\/td>\n<\/tr>\n<tr>\n<td width=\"117\">Auditor\u00eda de cuentas.<\/td>\n<td width=\"238\">Los auditores de cuentas y las sociedades de auditor\u00eda de cuentas conservar\u00e1n y custodiar\u00e1n durante el plazo de cinco a\u00f1os, a contar desde la fecha del informe de auditor\u00eda, la documentaci\u00f3n referente a cada auditor\u00eda de cuentas por ellos realizada, incluidos los papeles de trabajo del auditor que constituyan las pruebas y el soporte de las conclusiones que consten en el informe.<\/td>\n<td width=\"212\">5 a\u00f1os<\/p>\n<p>Art\u00edculo 24 del RDLeg. 1\/2011 de 1 julio, por el que se aprueba el texto refundido de la Ley de Auditor\u00eda de Cuentas.<\/td>\n<\/tr>\n<tr>\n<td width=\"117\">Control de acceso a edificios.<\/td>\n<td width=\"238\">Los datos incluidos en ficheros automatizados creados para controlar el acceso a edificios, deben cancelarse transcurrido 1 mes a partir de su obtenci\u00f3n.<\/td>\n<td width=\"212\">1 mes<\/p>\n<p>Norma quinta de la Instrucci\u00f3n 1\/1996, de 1 de marzo, de la Agencia de Protecci\u00f3n de Datos, sobre ficheros automatizados establecidos con la finalidad de controlar el acceso a los edificios.<\/td>\n<\/tr>\n<tr>\n<td width=\"117\">Documentos en los expedientes de los Abogados.<\/td>\n<td width=\"238\">Al ser las acciones que se pueden ejercitar para exigir responsabilidades profesionales al abogado de car\u00e1cter personal y no tener se\u00f1alado uno especial, el plazo de prescripci\u00f3n de las mismas es, desde el 7 de octubre de 2015, de cinco a\u00f1os, por lo que durante ese plazo como m\u00ednimo (salvo interrupci\u00f3n de su c\u00f3mputo) deber\u00e1n conservarse los expedientes finalizados.<\/td>\n<td width=\"212\">5 a\u00f1os<\/p>\n<p>Art. 1964.2 C\u00f3digo Civil, en redacci\u00f3n dada por la Ley 42\/2015, de 5 de octubre, de reforma de la LEC.<\/td>\n<\/tr>\n<tr>\n<td width=\"117\">Libros Registro y partes de entrada en establecimientos hoteleros.<\/td>\n<td width=\"238\">Los partes de entrada se agrupar\u00e1n en libros registro de m\u00ednimo 100 hojas y m\u00e1ximo de 500. Estos libros registro deber\u00e1n conservarse durante tres a\u00f1os a disposici\u00f3n de las Fueras y Cuerpos de Seguridad, desech\u00e1ndose despu\u00e9s en modo que no permita el acceso a la informaci\u00f3n personal contenida en los mismos.<\/p>\n<p>El registro incluye datos de menores de 14 a\u00f1os, el parte lo firma el menor a partir de 14, si es menor de 14 lo firma el acompa\u00f1ante.<\/p>\n<p>Los datos a solicitar incluyen: tel\u00e9fono fijo, tel\u00e9fono m\u00f3vil, correo electr\u00f3nico, n\u00famero de viajeros, relaci\u00f3n de parentesco, si el establecimiento tiene conexi\u00f3n a Internet.<\/p>\n<p>Los datos tambi\u00e9n incluyen datos del pago: tipo (efectivo, tarjeta de cr\u00e9dito, plataforma de pago, transferencia\u2026) identificaci\u00f3n del medio de pago (tipo de tarjeta y n\u00famero, IBAN cuenta bancaria, soluci\u00f3n de pago por m\u00f3vil, otros), titular del medio de pago, fecha de caducidad de la tarjeta, fecha del pago.<\/td>\n<td width=\"212\">3 a\u00f1os<\/p>\n<p>OM INT\/1922\/2003 de 3 de julio, de librosregistro y partes de entrada de viajeros en establecimientos de hosteler\u00eda y otros an\u00e1logos.<\/p>\n<p>3 a\u00f1os<\/p>\n<p>Los datos del registro inform\u00e1tico deber\u00e1n conservarse durante un plazo de tres a\u00f1os<\/p>\n<p>a contar desde la finalizaci\u00f3n del servicio o prestaci\u00f3n contratada (hospedaje de manera no profesional queda exceptuado registro debiendo realizar la comunicaci\u00f3n)<\/p>\n<p>Real Decreto 933\/2021, &#8220;Obligaciones de registro documental e informaci\u00f3n de las personas f\u00edsicas o jur\u00eddicas que ejercen actividades de hospedaje y alquiler de veh\u00edculos a motor.&#8221;<\/p>\n<p>Actualiza la Orden INT\/1922\/2003, incluyendo las nuevas modalidades de actividades de hospedaje: viviendas tur\u00edsticas de corta duraci\u00f3n, portales de internet.<\/td>\n<\/tr>\n<tr>\n<td width=\"117\">Centros reconocimiento conductores.<\/td>\n<td width=\"238\">El centro deber\u00e1 conservar durante un plazo de diez a\u00f1os el contenido de los informes emitidos, incluidos los dict\u00e1menes de los facultativos, m\u00e9dicos y psic\u00f3logos que hayan intervenido en el reconocimiento, los informes complementarios que, en su caso, se hayan presentado y, en el supuesto a que se refiere el apartado 2 del art\u00edculo 3 adem\u00e1s, los documentos que hayan sido aportados por el interesado.<\/td>\n<td width=\"212\">10 a\u00f1os<\/p>\n<p>Art\u00edculo 15.5 del Real Decreto 170\/2010, de 19 de febrero, por el que se aprueba el Reglamento de centros de reconocimiento destinados a verificar las aptitudes psicof\u00edsicas de los conductores.<\/td>\n<\/tr>\n<\/tbody>\n<\/table>\n\t\t<\/div>\n\t\t\t\t\t<\/div>\n\n\t\n<\/div>\n\t\t<\/div>\n\n\t\t\n<style>\n#section_213672672 {\n  padding-top: 0px;\n  padding-bottom: 0px;\n}\n<\/style>\n\t<\/section>\n\t\n","protected":false},"excerpt":{"rendered":"","protected":false},"author":1,"featured_media":0,"parent":0,"menu_order":1000,"comment_status":"closed","ping_status":"closed","template":"","meta":{"_acf_changed":false,"inline_featured_image":false,"footnotes":""},"class_list":["post-3066","page","type-page","status-publish","hentry"],"acf":[],"yoast_head":"<!-- This site is optimized with the Yoast SEO plugin v27.3 - https:\/\/yoast.com\/product\/yoast-seo-wordpress\/ -->\n<title>Privacy policy - ITERCON<\/title>\n<meta name=\"robots\" content=\"index, follow, max-snippet:-1, max-image-preview:large, max-video-preview:-1\" \/>\n<link rel=\"canonical\" href=\"https:\/\/itercon.com\/en\/privacy-policy\/\" \/>\n<meta property=\"og:locale\" content=\"en_US\" \/>\n<meta property=\"og:type\" content=\"article\" \/>\n<meta property=\"og:title\" content=\"Privacy policy - ITERCON\" \/>\n<meta property=\"og:url\" content=\"https:\/\/itercon.com\/en\/privacy-policy\/\" \/>\n<meta property=\"og:site_name\" content=\"ITERCON\" \/>\n<meta property=\"article:modified_time\" content=\"2024-05-20T13:28:45+00:00\" \/>\n<meta name=\"twitter:card\" content=\"summary_large_image\" \/>\n<meta name=\"twitter:label1\" content=\"Est. reading time\" \/>\n\t<meta name=\"twitter:data1\" content=\"23 minutes\" \/>\n<script type=\"application\/ld+json\" class=\"yoast-schema-graph\">{\"@context\":\"https:\\\/\\\/schema.org\",\"@graph\":[{\"@type\":\"WebPage\",\"@id\":\"https:\\\/\\\/itercon.com\\\/en\\\/privacy-policy\\\/\",\"url\":\"https:\\\/\\\/itercon.com\\\/en\\\/privacy-policy\\\/\",\"name\":\"Privacy policy - ITERCON\",\"isPartOf\":{\"@id\":\"https:\\\/\\\/itercon.com\\\/en\\\/#website\"},\"datePublished\":\"2023-05-02T08:34:09+00:00\",\"dateModified\":\"2024-05-20T13:28:45+00:00\",\"breadcrumb\":{\"@id\":\"https:\\\/\\\/itercon.com\\\/en\\\/privacy-policy\\\/#breadcrumb\"},\"inLanguage\":\"en-US\",\"potentialAction\":[{\"@type\":\"ReadAction\",\"target\":[\"https:\\\/\\\/itercon.com\\\/en\\\/privacy-policy\\\/\"]}]},{\"@type\":\"BreadcrumbList\",\"@id\":\"https:\\\/\\\/itercon.com\\\/en\\\/privacy-policy\\\/#breadcrumb\",\"itemListElement\":[{\"@type\":\"ListItem\",\"position\":1,\"name\":\"Portada\",\"item\":\"https:\\\/\\\/itercon.com\\\/en\\\/\"},{\"@type\":\"ListItem\",\"position\":2,\"name\":\"Privacy policy\"}]},{\"@type\":\"WebSite\",\"@id\":\"https:\\\/\\\/itercon.com\\\/en\\\/#website\",\"url\":\"https:\\\/\\\/itercon.com\\\/en\\\/\",\"name\":\"ITERCON\",\"description\":\"Innovaciones T\u00e9cnicas y Recursos Constructivos, S.A.\",\"publisher\":{\"@id\":\"https:\\\/\\\/itercon.com\\\/en\\\/#organization\"},\"potentialAction\":[{\"@type\":\"SearchAction\",\"target\":{\"@type\":\"EntryPoint\",\"urlTemplate\":\"https:\\\/\\\/itercon.com\\\/en\\\/?s={search_term_string}\"},\"query-input\":{\"@type\":\"PropertyValueSpecification\",\"valueRequired\":true,\"valueName\":\"search_term_string\"}}],\"inLanguage\":\"en-US\"},{\"@type\":\"Organization\",\"@id\":\"https:\\\/\\\/itercon.com\\\/en\\\/#organization\",\"name\":\"ITERCON\",\"url\":\"https:\\\/\\\/itercon.com\\\/en\\\/\",\"logo\":{\"@type\":\"ImageObject\",\"inLanguage\":\"en-US\",\"@id\":\"https:\\\/\\\/itercon.com\\\/en\\\/#\\\/schema\\\/logo\\\/image\\\/\",\"url\":\"https:\\\/\\\/itercon.com\\\/wp-content\\\/uploads\\\/2023\\\/05\\\/logo-itercon.png\",\"contentUrl\":\"https:\\\/\\\/itercon.com\\\/wp-content\\\/uploads\\\/2023\\\/05\\\/logo-itercon.png\",\"width\":154,\"height\":40,\"caption\":\"ITERCON\"},\"image\":{\"@id\":\"https:\\\/\\\/itercon.com\\\/en\\\/#\\\/schema\\\/logo\\\/image\\\/\"}}]}<\/script>\n<!-- \/ Yoast SEO plugin. -->","yoast_head_json":{"title":"Privacy policy - ITERCON","robots":{"index":"index","follow":"follow","max-snippet":"max-snippet:-1","max-image-preview":"max-image-preview:large","max-video-preview":"max-video-preview:-1"},"canonical":"https:\/\/itercon.com\/en\/privacy-policy\/","og_locale":"en_US","og_type":"article","og_title":"Privacy policy - ITERCON","og_url":"https:\/\/itercon.com\/en\/privacy-policy\/","og_site_name":"ITERCON","article_modified_time":"2024-05-20T13:28:45+00:00","twitter_card":"summary_large_image","twitter_misc":{"Est. reading time":"23 minutes"},"schema":{"@context":"https:\/\/schema.org","@graph":[{"@type":"WebPage","@id":"https:\/\/itercon.com\/en\/privacy-policy\/","url":"https:\/\/itercon.com\/en\/privacy-policy\/","name":"Privacy policy - ITERCON","isPartOf":{"@id":"https:\/\/itercon.com\/en\/#website"},"datePublished":"2023-05-02T08:34:09+00:00","dateModified":"2024-05-20T13:28:45+00:00","breadcrumb":{"@id":"https:\/\/itercon.com\/en\/privacy-policy\/#breadcrumb"},"inLanguage":"en-US","potentialAction":[{"@type":"ReadAction","target":["https:\/\/itercon.com\/en\/privacy-policy\/"]}]},{"@type":"BreadcrumbList","@id":"https:\/\/itercon.com\/en\/privacy-policy\/#breadcrumb","itemListElement":[{"@type":"ListItem","position":1,"name":"Portada","item":"https:\/\/itercon.com\/en\/"},{"@type":"ListItem","position":2,"name":"Privacy policy"}]},{"@type":"WebSite","@id":"https:\/\/itercon.com\/en\/#website","url":"https:\/\/itercon.com\/en\/","name":"ITERCON","description":"Innovaciones T\u00e9cnicas y Recursos Constructivos, S.A.","publisher":{"@id":"https:\/\/itercon.com\/en\/#organization"},"potentialAction":[{"@type":"SearchAction","target":{"@type":"EntryPoint","urlTemplate":"https:\/\/itercon.com\/en\/?s={search_term_string}"},"query-input":{"@type":"PropertyValueSpecification","valueRequired":true,"valueName":"search_term_string"}}],"inLanguage":"en-US"},{"@type":"Organization","@id":"https:\/\/itercon.com\/en\/#organization","name":"ITERCON","url":"https:\/\/itercon.com\/en\/","logo":{"@type":"ImageObject","inLanguage":"en-US","@id":"https:\/\/itercon.com\/en\/#\/schema\/logo\/image\/","url":"https:\/\/itercon.com\/wp-content\/uploads\/2023\/05\/logo-itercon.png","contentUrl":"https:\/\/itercon.com\/wp-content\/uploads\/2023\/05\/logo-itercon.png","width":154,"height":40,"caption":"ITERCON"},"image":{"@id":"https:\/\/itercon.com\/en\/#\/schema\/logo\/image\/"}}]}},"_links":{"self":[{"href":"https:\/\/itercon.com\/en\/wp-json\/wp\/v2\/pages\/3066","targetHints":{"allow":["GET"]}}],"collection":[{"href":"https:\/\/itercon.com\/en\/wp-json\/wp\/v2\/pages"}],"about":[{"href":"https:\/\/itercon.com\/en\/wp-json\/wp\/v2\/types\/page"}],"author":[{"embeddable":true,"href":"https:\/\/itercon.com\/en\/wp-json\/wp\/v2\/users\/1"}],"replies":[{"embeddable":true,"href":"https:\/\/itercon.com\/en\/wp-json\/wp\/v2\/comments?post=3066"}],"version-history":[{"count":5,"href":"https:\/\/itercon.com\/en\/wp-json\/wp\/v2\/pages\/3066\/revisions"}],"predecessor-version":[{"id":3681,"href":"https:\/\/itercon.com\/en\/wp-json\/wp\/v2\/pages\/3066\/revisions\/3681"}],"wp:attachment":[{"href":"https:\/\/itercon.com\/en\/wp-json\/wp\/v2\/media?parent=3066"}],"curies":[{"name":"wp","href":"https:\/\/api.w.org\/{rel}","templated":true}]}}